{"id":7804,"date":"2018-12-24T07:29:40","date_gmt":"2018-12-24T07:29:40","guid":{"rendered":"https:\/\/testim-mallorca.com\/infusiones-ecologicas-mallorca\/"},"modified":"2022-02-07T17:57:25","modified_gmt":"2022-02-07T17:57:25","slug":"bio-aufguesse-aus-mallorca","status":"publish","type":"page","link":"https:\/\/testim-mallorca.com\/de\/bio-aufguesse-aus-mallorca\/","title":{"rendered":"Bio-Aufg\u00fcsse aus Mallorca"},"content":{"rendered":"<section class=\"wpb-content-wrapper\">[vc_row gap=&#8220;35&#8243;][vc_column]<div class=\"cws_spacing cws_spacing_size_sm_desctop-on cws_spacing_tablet-on cws_spacing_mobile-on\"><div class=\"cws_spacing cws_spacing_default\" style=\"height:20px;\"><\/div> <div class=\"cws_spacing cws_spacing_size_sm_desctop\" style=\"height:60px;\"><\/div> <div class=\"cws_spacing cws_spacing_tablet\" style=\"height:30px;\"><\/div> <div class=\"cws_spacing cws_spacing_mobile\" style=\"height:30px;\"><\/div><\/div>[vc_column_text]\n<h2 style=\"text-align: center;\"><strong>Ein sozialvertr\u00e4gliches Projekt \u2013 made in Mallorca<\/strong><\/h2>\n<p style=\"text-align: justify;\">Das Projekt T\u2019Estim, dessen Name \u201eIch liebe dich\u201c bedeutet, wurde mit dem Ziel ins Leben gerufen, durch auf Mallorca angebaute und hergestellte Bio-Tees das Bewusstsein daf\u00fcr zu sch\u00e4rfen, wie wichtig es ist, auf unser psychisches Befinden zu achten und es zu bewahren, und dadurch die Stigmatisierung der psychischen Gesundheit aus der Welt zu schaffen.<\/p>\n[\/vc_column_text][\/vc_column][\/vc_row][vc_row][vc_column width=&#8220;1\/3&#8243;]<div class='cws_textmodule cws_vc_shortcode_module' id='cws_textmodule_69f19742543d9'><div class='cws_textmodule_wrapper icon_pos_above'><div class='cws_textmodule_text text_align_center'><div class='cws_textmodule_titles'><div class='cws_textmodule_aside'><\/div><\/div><div class='cws_textmodule_content'><div class='text_content_wrapper'><h3 style=\"text-align: center;\">Unsere Mission<\/h3>\n<p style=\"text-align: center;\">Wir wollen das Stigma psychischer Erkrankungen in Wertsch\u00e4tzung f\u00fcr unsere psychische Gesundheit verwandeln.<\/p>\n<\/div><\/div><\/div><\/div><\/div>[vc_empty_space][\/vc_column][vc_column width=&#8220;1\/3&#8243;]<div class='cws_textmodule cws_vc_shortcode_module' id='cws_textmodule_69f19742547be'><div class='cws_textmodule_wrapper icon_pos_above'><div class='cws_textmodule_text text_align_center'><div class='cws_textmodule_titles'><div class='cws_textmodule_aside'><\/div><\/div><div class='cws_textmodule_content'><div class='text_content_wrapper'><h3 style=\"text-align: center;\">Unsere Vision<\/h3>\n<p class=\"p1\" style=\"text-align: center;\">Wir w\u00fcnschen uns eine stigmafreie Gesellschaft, in der das psychische Gleichgewicht einen wesentlichen Grundpfeiler darstellt.<\/p>\n<\/div><\/div><\/div><\/div><\/div>[vc_empty_space][\/vc_column][vc_column width=&#8220;1\/3&#8243;]<div class='cws_textmodule cws_vc_shortcode_module' id='cws_textmodule_69f1974254a67'><div class='cws_textmodule_wrapper icon_pos_above'><div class='cws_textmodule_text text_align_center'><div class='cws_textmodule_titles'><div class='cws_textmodule_aside'><\/div><\/div><div class='cws_textmodule_content'><div class='text_content_wrapper'><h3 style=\"text-align: center;\">Unsere Werte<\/h3>\n<p class=\"p1\" style=\"text-align: center;\">Liebe\/Wertsch\u00e4tzung, Engagement, Wandel, Begeisterung, Zusammenhalt, Nachhaltigkeit und Qualit\u00e4t.<\/p>\n<\/div><\/div><\/div><\/div><\/div>[vc_empty_space][\/vc_column][\/vc_row][vc_row gap=&#8220;30&#8243;][vc_column width=&#8220;1\/2&#8243;][vc_empty_space][vc_empty_space][vc_single_image image=&#8220;6621&#8243; img_size=&#8220;full&#8220;]<div class=\"cws_spacing cws_spacing_size_sm_desctop-on cws_spacing_tablet-on cws_spacing_mobile-on\"><div class=\"cws_spacing cws_spacing_default\" style=\"height:20px;\"><\/div> <div class=\"cws_spacing cws_spacing_size_sm_desctop\" style=\"height:20px;\"><\/div> <div class=\"cws_spacing cws_spacing_tablet\" style=\"height:30px;\"><\/div> <div class=\"cws_spacing cws_spacing_mobile\" style=\"height:30px;\"><\/div><\/div><div class=\"cws_spacing cws_spacing_size_sm_desctop-on cws_spacing_tablet-on cws_spacing_mobile-on\"><div class=\"cws_spacing cws_spacing_default\" style=\"height:35px;\"><\/div> <div class=\"cws_spacing cws_spacing_size_sm_desctop\" style=\"height:20px;\"><\/div> <div class=\"cws_spacing cws_spacing_tablet\" style=\"height:30px;\"><\/div> <div class=\"cws_spacing cws_spacing_mobile\" style=\"height:30px;\"><\/div><\/div>[vc_single_image image=&#8220;6644&#8243; img_size=&#8220;full&#8220;][\/vc_column][vc_column width=&#8220;1\/2&#8243;]<div class='cws_textmodule cws_vc_shortcode_module' id='cws_textmodule_69f1974254da7'><div class='cws_textmodule_wrapper icon_pos_above'><div class='cws_textmodule_text text_align_center'><div class='cws_textmodule_titles'><div class='cws_textmodule_aside'><\/div><\/div><div class='cws_textmodule_content'><div class='text_content_wrapper'><p style=\"text-align: justify;\">Estel de Llevant hat das Projekt T\u2019Estim (zu Deutsch: \u201eIch liebe dich\u201c) ins Leben gerufen, weil wir davon \u00fcberzeugt sind, dass gerade jetzt der richtige Zeitpunkt (\u201eEl nostre moment\u201c) ist, um<\/p>\n<p style=\"text-align: justify;\">\u2013 <span style=\"color: #81b4bf;\"><strong>uns selbst zu lieben und wertzusch\u00e4tzen und f\u00fcr unsere psychische Gesundheit zu sorgen.<\/strong><\/span> Die positiven Wirkungen unserer Bio-Tees und Bio-Teemischungen tragen zur Verbesserung unseres Wohlbefindens bei.<\/p>\n<p style=\"text-align: justify;\"><strong>\u2013 <span style=\"color: #81b4bf;\">unsere Umgebung und unsere Umwelt im Allgemeinen<\/span><\/strong> zu sch\u00e4tzen und zu sch\u00fctzen, indem wir Bio-Tee aus Mallorca genie\u00dfen.<\/p>\n<p style=\"text-align: justify;\">\u2013 <span style=\"color: #81b4bf;\"><strong>andere liebevoll wertzusch\u00e4tzen und zu unterst\u00fctzen<\/strong>.<\/span> Jede Tasse Tee von T\u2019Estim hilft Menschen mit psychischen Erkrankungen bei der beruflichen Eingliederung und der Verbesserung ihrer Lebensqualit\u00e4t.<\/p>\n<p style=\"text-align: justify;\">T\u2019Estim ist ein Projekt zur Schaffung von Arbeitspl\u00e4tzen f\u00fcr Menschen mit psychischen St\u00f6rungen, das zudem eng mit Ausbildungsprojekten in den Bereichen G\u00e4rtnerei, Landwirtschaft und Pflanzenbau verkn\u00fcpft ist. \u00dcber 20 Menschen mit psychischen Beeintr\u00e4chtigungen sind dank dieses Projekts f\u00fcr Bio-Tee und Bio-Teemischungen berufst\u00e4tig bzw. in der Ausbildung. Auf diese Weise nehmen wir unsere soziale Verantwortung wahr und f\u00f6rdern die psychische Gesundheit auf Mallorca.<\/p>\n<p style=\"text-align: justify;\">Jeder Tee und jede Teemischung von <span style=\"color: #81b4bf;\"><strong>T\u2019Estim ist eine berufliche Chance und ein Beitrag zu mehr Lebensqualit\u00e4t <\/strong><\/span>f\u00fcr Menschen mit psychischen St\u00f6rungen auf Mallorca und dar\u00fcber hinaus ein echter Genuss f\u00fcr die Sinne.<\/p>\n<\/div><\/div><\/div><\/div><\/div>[\/vc_column][\/vc_row][vc_row][vc_column]<div class=\"cws_spacing\"><div class=\"cws_spacing cws_spacing_default\" style=\"height:80px;\"><\/div><\/div>[\/vc_column][\/vc_row][vc_row][vc_column][vc_video link=&#8220;https:\/\/www.youtube.com\/watch?v=ubrRbT85EyU&#8220;][\/vc_column][\/vc_row]\n<\/section>","protected":false},"excerpt":{"rendered":"<p>[vc_row gap=&#8220;35&#8243;][vc_column][vc_column_text] Ein sozialvertr\u00e4gliches Projekt \u2013 made in Mallorca Das Projekt T\u2019Estim, dessen Name \u201eIch liebe dich\u201c bedeutet, wurde mit dem Ziel ins Leben gerufen, durch auf Mallorca angebaute und hergestellte Bio-Tees das Bewusstsein daf\u00fcr zu sch\u00e4rfen, wie wichtig es ist, auf unser psychisches Befinden zu achten und es zu bewahren, und dadurch die Stigmatisierung der psychischen Gesundheit aus der Welt zu schaffen. [\/vc_column_text][\/vc_column][\/vc_row][vc_row][vc_column width=&#8220;1\/3&#8243;][vc_empty_space][\/vc_column][vc_column width=&#8220;1\/3&#8243;][vc_empty_space][\/vc_column][vc_column width=&#8220;1\/3&#8243;][vc_empty_space][\/vc_column][\/vc_row][vc_row gap=&#8220;30&#8243;][vc_column width=&#8220;1\/2&#8243;][vc_empty_space][vc_empty_space][vc_single_image image=&#8220;6621&#8243; img_size=&#8220;full&#8220;][vc_single_image image=&#8220;6644&#8243; img_size=&#8220;full&#8220;][\/vc_column][vc_column width=&#8220;1\/2&#8243;][\/vc_column][\/vc_row][vc_row][vc_column][\/vc_column][\/vc_row][vc_row][vc_column][vc_video link=&#8220;https:\/\/www.youtube.com\/watch?v=ubrRbT85EyU&#8220;][\/vc_column][\/vc_row]<\/p>\n","protected":false},"author":1,"featured_media":8018,"parent":0,"menu_order":0,"comment_status":"closed","ping_status":"closed","template":"","meta":{"_monsterinsights_skip_tracking":false,"_monsterinsights_sitenote_active":false,"_monsterinsights_sitenote_note":"","_monsterinsights_sitenote_category":0,"footnotes":""},"class_list":["post-7804","page","type-page","status-publish","has-post-thumbnail","hentry"],"yoast_head":"<!-- This site is optimized with the Yoast SEO plugin v23.3 - https:\/\/yoast.com\/wordpress\/plugins\/seo\/ -->\n<title>Bio-Aufg\u00fcsse aus Mallorca - T&#039;Estim<\/title>\n<meta name=\"robots\" content=\"index, follow, max-snippet:-1, max-image-preview:large, max-video-preview:-1\" \/>\n<link rel=\"canonical\" href=\"https:\/\/testim-mallorca.com\/de\/bio-aufguesse-aus-mallorca\/\" \/>\n<meta property=\"og:locale\" content=\"de_DE\" \/>\n<meta property=\"og:type\" content=\"article\" \/>\n<meta property=\"og:title\" content=\"Bio-Aufg\u00fcsse aus Mallorca - T&#039;Estim\" \/>\n<meta property=\"og:description\" content=\"[vc_row gap=&#8220;35&#8243;][vc_column][vc_column_text] Ein sozialvertr\u00e4gliches Projekt \u2013 made in Mallorca Das Projekt T\u2019Estim, dessen Name \u201eIch liebe dich\u201c bedeutet, wurde mit dem Ziel ins Leben gerufen, durch auf Mallorca angebaute und hergestellte Bio-Tees das Bewusstsein daf\u00fcr zu sch\u00e4rfen, wie wichtig es ist, auf unser psychisches Befinden zu achten und es zu bewahren, und dadurch die Stigmatisierung der psychischen Gesundheit aus der Welt zu schaffen. [\/vc_column_text][\/vc_column][\/vc_row][vc_row][vc_column width=&#8220;1\/3&#8243;][vc_empty_space][\/vc_column][vc_column width=&#8220;1\/3&#8243;][vc_empty_space][\/vc_column][vc_column width=&#8220;1\/3&#8243;][vc_empty_space][\/vc_column][\/vc_row][vc_row gap=&#8220;30&#8243;][vc_column width=&#8220;1\/2&#8243;][vc_empty_space][vc_empty_space][vc_single_image image=&#8220;6621&#8243; img_size=&#8220;full&#8220;][vc_single_image image=&#8220;6644&#8243; img_size=&#8220;full&#8220;][\/vc_column][vc_column width=&#8220;1\/2&#8243;][\/vc_column][\/vc_row][vc_row][vc_column][\/vc_column][\/vc_row][vc_row][vc_column][vc_video link=&#8220;https:\/\/www.youtube.com\/watch?v=ubrRbT85EyU&#8220;][\/vc_column][\/vc_row]\" \/>\n<meta property=\"og:url\" content=\"https:\/\/testim-mallorca.com\/de\/bio-aufguesse-aus-mallorca\/\" \/>\n<meta property=\"og:site_name\" content=\"T&#039;Estim\" \/>\n<meta property=\"article:publisher\" content=\"https:\/\/www.facebook.com\/testimmallorca\/\" \/>\n<meta property=\"article:modified_time\" content=\"2022-02-07T17:57:25+00:00\" \/>\n<meta property=\"og:image\" content=\"https:\/\/testim-mallorca.com\/wp-content\/uploads\/2019\/05\/testim-infusiones-de-mallorca-te-de-jengibre-mercadona-nuevas-infusiones-mercadona.jpg\" \/>\n\t<meta property=\"og:image:width\" content=\"2040\" \/>\n\t<meta property=\"og:image:height\" content=\"1148\" \/>\n\t<meta property=\"og:image:type\" content=\"image\/jpeg\" \/>\n<meta name=\"twitter:card\" content=\"summary_large_image\" \/>\n<meta name=\"twitter:site\" content=\"@testim_mallorca\" \/>\n<meta name=\"twitter:label1\" content=\"Gesch\u00e4tzte Lesezeit\" \/>\n\t<meta name=\"twitter:data1\" content=\"3 Minuten\" \/>\n<script type=\"application\/ld+json\" class=\"yoast-schema-graph\">{\"@context\":\"https:\/\/schema.org\",\"@graph\":[{\"@type\":\"WebPage\",\"@id\":\"https:\/\/testim-mallorca.com\/de\/bio-aufguesse-aus-mallorca\/\",\"url\":\"https:\/\/testim-mallorca.com\/de\/bio-aufguesse-aus-mallorca\/\",\"name\":\"Bio-Aufg\u00fcsse aus Mallorca - T&#039;Estim\",\"isPartOf\":{\"@id\":\"https:\/\/testim-mallorca.com\/#website\"},\"primaryImageOfPage\":{\"@id\":\"https:\/\/testim-mallorca.com\/de\/bio-aufguesse-aus-mallorca\/#primaryimage\"},\"image\":{\"@id\":\"https:\/\/testim-mallorca.com\/de\/bio-aufguesse-aus-mallorca\/#primaryimage\"},\"thumbnailUrl\":\"https:\/\/testim-mallorca.com\/wp-content\/uploads\/2019\/05\/testim-infusiones-de-mallorca-te-de-jengibre-mercadona-nuevas-infusiones-mercadona.jpg\",\"datePublished\":\"2018-12-24T07:29:40+00:00\",\"dateModified\":\"2022-02-07T17:57:25+00:00\",\"breadcrumb\":{\"@id\":\"https:\/\/testim-mallorca.com\/de\/bio-aufguesse-aus-mallorca\/#breadcrumb\"},\"inLanguage\":\"de-DE\",\"potentialAction\":[{\"@type\":\"ReadAction\",\"target\":[\"https:\/\/testim-mallorca.com\/de\/bio-aufguesse-aus-mallorca\/\"]}]},{\"@type\":\"ImageObject\",\"inLanguage\":\"de-DE\",\"@id\":\"https:\/\/testim-mallorca.com\/de\/bio-aufguesse-aus-mallorca\/#primaryimage\",\"url\":\"https:\/\/testim-mallorca.com\/wp-content\/uploads\/2019\/05\/testim-infusiones-de-mallorca-te-de-jengibre-mercadona-nuevas-infusiones-mercadona.jpg\",\"contentUrl\":\"https:\/\/testim-mallorca.com\/wp-content\/uploads\/2019\/05\/testim-infusiones-de-mallorca-te-de-jengibre-mercadona-nuevas-infusiones-mercadona.jpg\",\"width\":2040,\"height\":1148},{\"@type\":\"BreadcrumbList\",\"@id\":\"https:\/\/testim-mallorca.com\/de\/bio-aufguesse-aus-mallorca\/#breadcrumb\",\"itemListElement\":[{\"@type\":\"ListItem\",\"position\":1,\"name\":\"Portada\",\"item\":\"https:\/\/testim-mallorca.com\/de\/\"},{\"@type\":\"ListItem\",\"position\":2,\"name\":\"Bio-Aufg\u00fcsse aus Mallorca\"}]},{\"@type\":\"WebSite\",\"@id\":\"https:\/\/testim-mallorca.com\/#website\",\"url\":\"https:\/\/testim-mallorca.com\/\",\"name\":\"T&#039;Estim\",\"description\":\"Infusions i tes ecol\u00f2gics de Mallorca\",\"publisher\":{\"@id\":\"https:\/\/testim-mallorca.com\/#organization\"},\"potentialAction\":[{\"@type\":\"SearchAction\",\"target\":{\"@type\":\"EntryPoint\",\"urlTemplate\":\"https:\/\/testim-mallorca.com\/?s={search_term_string}\"},\"query-input\":\"required name=search_term_string\"}],\"inLanguage\":\"de-DE\"},{\"@type\":\"Organization\",\"@id\":\"https:\/\/testim-mallorca.com\/#organization\",\"name\":\"T'Estim Mallorca\",\"url\":\"https:\/\/testim-mallorca.com\/\",\"logo\":{\"@type\":\"ImageObject\",\"inLanguage\":\"de-DE\",\"@id\":\"https:\/\/testim-mallorca.com\/#\/schema\/logo\/image\/\",\"url\":\"https:\/\/testim-mallorca.com\/wp-content\/uploads\/2022\/06\/Logo-testim-web-new.png\",\"contentUrl\":\"https:\/\/testim-mallorca.com\/wp-content\/uploads\/2022\/06\/Logo-testim-web-new.png\",\"width\":500,\"height\":173,\"caption\":\"T'Estim Mallorca\"},\"image\":{\"@id\":\"https:\/\/testim-mallorca.com\/#\/schema\/logo\/image\/\"},\"sameAs\":[\"https:\/\/www.facebook.com\/testimmallorca\/\",\"https:\/\/x.com\/testim_mallorca\",\"https:\/\/www.instagram.com\/testim_mallorca_\/\",\"https:\/\/www.linkedin.com\/company\/testim-mallorca\/about\/\"]}]}<\/script>\n<!-- \/ Yoast SEO plugin. -->","yoast_head_json":{"title":"Bio-Aufg\u00fcsse aus Mallorca - T&#039;Estim","robots":{"index":"index","follow":"follow","max-snippet":"max-snippet:-1","max-image-preview":"max-image-preview:large","max-video-preview":"max-video-preview:-1"},"canonical":"https:\/\/testim-mallorca.com\/de\/bio-aufguesse-aus-mallorca\/","og_locale":"de_DE","og_type":"article","og_title":"Bio-Aufg\u00fcsse aus Mallorca - T&#039;Estim","og_description":"[vc_row gap=&#8220;35&#8243;][vc_column][vc_column_text] Ein sozialvertr\u00e4gliches Projekt \u2013 made in Mallorca Das Projekt T\u2019Estim, dessen Name \u201eIch liebe dich\u201c bedeutet, wurde mit dem Ziel ins Leben gerufen, durch auf Mallorca angebaute und hergestellte Bio-Tees das Bewusstsein daf\u00fcr zu sch\u00e4rfen, wie wichtig es ist, auf unser psychisches Befinden zu achten und es zu bewahren, und dadurch die Stigmatisierung der psychischen Gesundheit aus der Welt zu schaffen. [\/vc_column_text][\/vc_column][\/vc_row][vc_row][vc_column width=&#8220;1\/3&#8243;][vc_empty_space][\/vc_column][vc_column width=&#8220;1\/3&#8243;][vc_empty_space][\/vc_column][vc_column width=&#8220;1\/3&#8243;][vc_empty_space][\/vc_column][\/vc_row][vc_row gap=&#8220;30&#8243;][vc_column width=&#8220;1\/2&#8243;][vc_empty_space][vc_empty_space][vc_single_image image=&#8220;6621&#8243; img_size=&#8220;full&#8220;][vc_single_image image=&#8220;6644&#8243; img_size=&#8220;full&#8220;][\/vc_column][vc_column width=&#8220;1\/2&#8243;][\/vc_column][\/vc_row][vc_row][vc_column][\/vc_column][\/vc_row][vc_row][vc_column][vc_video link=&#8220;https:\/\/www.youtube.com\/watch?v=ubrRbT85EyU&#8220;][\/vc_column][\/vc_row]","og_url":"https:\/\/testim-mallorca.com\/de\/bio-aufguesse-aus-mallorca\/","og_site_name":"T&#039;Estim","article_publisher":"https:\/\/www.facebook.com\/testimmallorca\/","article_modified_time":"2022-02-07T17:57:25+00:00","og_image":[{"width":2040,"height":1148,"url":"https:\/\/testim-mallorca.com\/wp-content\/uploads\/2019\/05\/testim-infusiones-de-mallorca-te-de-jengibre-mercadona-nuevas-infusiones-mercadona.jpg","type":"image\/jpeg"}],"twitter_card":"summary_large_image","twitter_site":"@testim_mallorca","twitter_misc":{"Gesch\u00e4tzte Lesezeit":"3 Minuten"},"schema":{"@context":"https:\/\/schema.org","@graph":[{"@type":"WebPage","@id":"https:\/\/testim-mallorca.com\/de\/bio-aufguesse-aus-mallorca\/","url":"https:\/\/testim-mallorca.com\/de\/bio-aufguesse-aus-mallorca\/","name":"Bio-Aufg\u00fcsse aus Mallorca - T&#039;Estim","isPartOf":{"@id":"https:\/\/testim-mallorca.com\/#website"},"primaryImageOfPage":{"@id":"https:\/\/testim-mallorca.com\/de\/bio-aufguesse-aus-mallorca\/#primaryimage"},"image":{"@id":"https:\/\/testim-mallorca.com\/de\/bio-aufguesse-aus-mallorca\/#primaryimage"},"thumbnailUrl":"https:\/\/testim-mallorca.com\/wp-content\/uploads\/2019\/05\/testim-infusiones-de-mallorca-te-de-jengibre-mercadona-nuevas-infusiones-mercadona.jpg","datePublished":"2018-12-24T07:29:40+00:00","dateModified":"2022-02-07T17:57:25+00:00","breadcrumb":{"@id":"https:\/\/testim-mallorca.com\/de\/bio-aufguesse-aus-mallorca\/#breadcrumb"},"inLanguage":"de-DE","potentialAction":[{"@type":"ReadAction","target":["https:\/\/testim-mallorca.com\/de\/bio-aufguesse-aus-mallorca\/"]}]},{"@type":"ImageObject","inLanguage":"de-DE","@id":"https:\/\/testim-mallorca.com\/de\/bio-aufguesse-aus-mallorca\/#primaryimage","url":"https:\/\/testim-mallorca.com\/wp-content\/uploads\/2019\/05\/testim-infusiones-de-mallorca-te-de-jengibre-mercadona-nuevas-infusiones-mercadona.jpg","contentUrl":"https:\/\/testim-mallorca.com\/wp-content\/uploads\/2019\/05\/testim-infusiones-de-mallorca-te-de-jengibre-mercadona-nuevas-infusiones-mercadona.jpg","width":2040,"height":1148},{"@type":"BreadcrumbList","@id":"https:\/\/testim-mallorca.com\/de\/bio-aufguesse-aus-mallorca\/#breadcrumb","itemListElement":[{"@type":"ListItem","position":1,"name":"Portada","item":"https:\/\/testim-mallorca.com\/de\/"},{"@type":"ListItem","position":2,"name":"Bio-Aufg\u00fcsse aus Mallorca"}]},{"@type":"WebSite","@id":"https:\/\/testim-mallorca.com\/#website","url":"https:\/\/testim-mallorca.com\/","name":"T&#039;Estim","description":"Infusions i tes ecol\u00f2gics de Mallorca","publisher":{"@id":"https:\/\/testim-mallorca.com\/#organization"},"potentialAction":[{"@type":"SearchAction","target":{"@type":"EntryPoint","urlTemplate":"https:\/\/testim-mallorca.com\/?s={search_term_string}"},"query-input":"required name=search_term_string"}],"inLanguage":"de-DE"},{"@type":"Organization","@id":"https:\/\/testim-mallorca.com\/#organization","name":"T'Estim Mallorca","url":"https:\/\/testim-mallorca.com\/","logo":{"@type":"ImageObject","inLanguage":"de-DE","@id":"https:\/\/testim-mallorca.com\/#\/schema\/logo\/image\/","url":"https:\/\/testim-mallorca.com\/wp-content\/uploads\/2022\/06\/Logo-testim-web-new.png","contentUrl":"https:\/\/testim-mallorca.com\/wp-content\/uploads\/2022\/06\/Logo-testim-web-new.png","width":500,"height":173,"caption":"T'Estim Mallorca"},"image":{"@id":"https:\/\/testim-mallorca.com\/#\/schema\/logo\/image\/"},"sameAs":["https:\/\/www.facebook.com\/testimmallorca\/","https:\/\/x.com\/testim_mallorca","https:\/\/www.instagram.com\/testim_mallorca_\/","https:\/\/www.linkedin.com\/company\/testim-mallorca\/about\/"]}]}},"_links":{"self":[{"href":"https:\/\/testim-mallorca.com\/de\/wp-json\/wp\/v2\/pages\/7804"}],"collection":[{"href":"https:\/\/testim-mallorca.com\/de\/wp-json\/wp\/v2\/pages"}],"about":[{"href":"https:\/\/testim-mallorca.com\/de\/wp-json\/wp\/v2\/types\/page"}],"author":[{"embeddable":true,"href":"https:\/\/testim-mallorca.com\/de\/wp-json\/wp\/v2\/users\/1"}],"replies":[{"embeddable":true,"href":"https:\/\/testim-mallorca.com\/de\/wp-json\/wp\/v2\/comments?post=7804"}],"version-history":[{"count":3,"href":"https:\/\/testim-mallorca.com\/de\/wp-json\/wp\/v2\/pages\/7804\/revisions"}],"predecessor-version":[{"id":8322,"href":"https:\/\/testim-mallorca.com\/de\/wp-json\/wp\/v2\/pages\/7804\/revisions\/8322"}],"wp:featuredmedia":[{"embeddable":true,"href":"https:\/\/testim-mallorca.com\/de\/wp-json\/wp\/v2\/media\/8018"}],"wp:attachment":[{"href":"https:\/\/testim-mallorca.com\/de\/wp-json\/wp\/v2\/media?parent=7804"}],"curies":[{"name":"wp","href":"https:\/\/api.w.org\/{rel}","templated":true}]}}