{"id":7806,"date":"2018-12-12T14:14:12","date_gmt":"2018-12-12T14:14:12","guid":{"rendered":"https:\/\/testim-mallorca.com\/sobre-nosotros\/"},"modified":"2022-01-20T14:56:05","modified_gmt":"2022-01-20T14:56:05","slug":"ueber-uns","status":"publish","type":"page","link":"https:\/\/testim-mallorca.com\/de\/ueber-uns\/","title":{"rendered":"Ein engagiertes Team"},"content":{"rendered":"<section class=\"wpb-content-wrapper\">[vc_row css=&#8220;.vc_custom_1559134125722{padding-top: 10px !important;padding-bottom: 100px !important;}&#8220;][vc_column css=&#8220;.vc_custom_1558959371819{padding-right: 40px !important;}&#8220;]<div class=\"cws_spacing\"><div class=\"cws_spacing cws_spacing_default\" style=\"height:10px;\"><\/div><\/div>[vc_column_text]\n<h2 style=\"text-align: center;\">Estel de Llevant und die Bedeutung<br \/>der psychischen Gesundheit.<\/h2>\n<p>&nbsp;<\/p>\n<p style=\"text-align: justify;\">Estel de Llevant ist ein gemeinn\u00fctziger Verein, der 1996 gegr\u00fcndet wurde. <strong>Unsere Hauptaufgabe <\/strong>besteht darin, Menschen mit Warmherzigkeit und Freude dabei zu unterst\u00fctzen, ihre psychische Gesundheit zu pflegen, zu bewahren und zu verbessern.<\/p>\n<p style=\"text-align: justify;\"><strong>Derzeit<\/strong> <strong>hilft der Verein<\/strong>, der zu den f\u00fchrenden Einrichtungen f\u00fcr psychische Gesundheit auf Mallorca z\u00e4hlt, \u00fcber 225 Menschen mit schweren psychischen St\u00f6rungen und ihren Familien dabei, ihre Lebensqualit\u00e4t zu verbessern. <strong>Ziel ist es<\/strong>, den Betroffenen die notwendige Unterst\u00fctzung zu bieten, damit sie ein selbstst\u00e4ndiges und erf\u00fclltes Leben f\u00fchren k\u00f6nnen.<\/p>\n<p style=\"text-align: justify;\"><strong>Seit 2014 <\/strong>geh\u00f6rt Estel de Llevant zu 3Salut Mental, einem Zusammenschluss mit unseren Schwesterorganisationen <em>Associaci\u00f3 Gira-Sol<\/em> und <em>Fundaci\u00f3 Es Garrover<\/em>, der den Wissensaustausch, die Entwicklung eines optimalen Betreuungsmodells und soziale Innovationen f\u00f6rdern soll.<\/p>\n[\/vc_column_text]<div class=\"cws_spacing\"><div class=\"cws_spacing cws_spacing_default\" style=\"height:30px;\"><\/div><\/div>[vc_single_image image=&#8220;6717&#8243; img_size=&#8220;medium&#8220; alignment=&#8220;center&#8220;][vc_empty_space][vc_column_text]\n<p style=\"text-align: center;\"><strong>Weitere Informationen finden Sie hier:<\/strong><\/p>\n<p style=\"text-align: center;\"><a href=\"http:\/\/www.esteldellevant.org\">www.esteldellevant.org<\/a>\u00a0 \u00a0|\u00a0 \u00a0<a href=\"http:\/\/www.3salutmental.com\/\">www.3salutmental.com<\/a><\/p>\n[\/vc_column_text][vc_single_image image=&#8220;6774&#8243; img_size=&#8220;full&#8220;][\/vc_column][\/vc_row][vc_row][vc_column][\/vc_column][\/vc_row][vc_row full_width=&#8220;stretch_row&#8220; bg_cws_repeat=&#8220;no-repeat&#8220; bg_cws_size=&#8220;cover&#8220; bg_image_position=&#8220;center_center&#8220; crop=&#8220;1&#8243; crop_style=&#8220;style_2&#8243; css=&#8220;.vc_custom_1594820651204{background-image: url(https:\/\/bazan-lab.com\/testim\/wp-content\/uploads\/2020\/07\/testim-infusiones-de-mallorca-infusiones-para-bajar-los-trigliceridos-altos.jpg?id=6615) !important;}&#8220;][vc_column]<div class=\"cws_spacing\"><div class=\"cws_spacing cws_spacing_default\" style=\"height:800px;\"><\/div><\/div>[\/vc_column][\/vc_row][vc_row full_width=&#8220;stretch_row&#8220; bg_cws_repeat=&#8220;no-repeat&#8220; bg_cws_size=&#8220;cover&#8220; bg_image_position=&#8220;center_center&#8220; crop=&#8220;1&#8243; crop_style=&#8220;style_5&#8243; css=&#8220;.vc_custom_1596808135230{margin-top: -90px !important;background-color: #81b4bf !important;}&#8220;][vc_column]<div class=\"cws_spacing cws_spacing_size_sm_desctop-on cws_spacing_tablet-on cws_spacing_mobile-on\"><div class=\"cws_spacing cws_spacing_default\" style=\"height:50px;\"><\/div> <div class=\"cws_spacing cws_spacing_size_sm_desctop\" style=\"height:50px;\"><\/div> <div class=\"cws_spacing cws_spacing_tablet\" style=\"height:50px;\"><\/div> <div class=\"cws_spacing cws_spacing_mobile\" style=\"height:50px;\"><\/div><\/div>[vc_row_inner][vc_column_inner width=&#8220;1\/3&#8243;]<div id='cws_service_item_69f45252bf932' class='cws_service_item cws_vc_shortcode_module title_under a-center  vc_custom_1642673659697'><div class='cws_service_item_wrapper clearfix'><span class='cws_searvice_icon_wrapper cws_searvice_side'><i class='cws_service_icon cws_vc_shortcode_icon_3\u0445 flaticon-farm'><\/i><\/span><div class='cws_service_info'><h6 class='cws_service_title'>\u00d6kologische und <br \/>lokale Produkte<\/h6><div class='cws_service_desc clearfix'><p>Hochwertiger und ges\u00fcnder.<br \/>\nUmweltfreundlich.<br \/>\nAus Mallorca.<\/p>\n<\/div><\/div><\/div><\/div>[\/vc_column_inner][vc_column_inner width=&#8220;1\/3&#8243;]<div id='cws_service_item_69f45252bfb3d' class='cws_service_item cws_vc_shortcode_module title_under a-center  vc_custom_1642673684655'><div class='cws_service_item_wrapper clearfix'><span class='cws_searvice_icon_wrapper cws_searvice_side'><i class='cws_service_icon cws_vc_shortcode_icon_3\u0445 flaticon-pyramid'><\/i><\/span><div class='cws_service_info'><h6 class='cws_service_title'>Sozialer Mehrwert<\/h6><div class='cws_service_desc clearfix'><p>Sensibilisierung f\u00fcr die Bedeutung der psychischen Gesundheit. Berufliche Eingliederung einer benachteiligten Gruppe.<\/p>\n<\/div><\/div><\/div><\/div>[\/vc_column_inner][vc_column_inner width=&#8220;1\/3&#8243;]<div id='cws_service_item_69f45252bfcfe' class='cws_service_item cws_vc_shortcode_module title_under a-center  vc_custom_1642673717860'><div class='cws_service_item_wrapper clearfix'><span class='cws_searvice_icon_wrapper cws_searvice_side'><i class='cws_service_icon cws_vc_shortcode_icon_3\u0445 flaticon-chat-1'><\/i><\/span><div class='cws_service_info'><h6 class='cws_service_title'>Verbesserung der psychischen Gesundheit<\/h6><div class='cws_service_desc clearfix'><p>Zahlreiche Vorteile tragen dazu bei, Risikofaktoren im Zusammenhang mit der psychischen Gesundheit (z. B. Schlaflosigkeit, Stress oder schlechte Ern\u00e4hrungsweise) zu beseitigen.<\/p>\n<\/div><\/div><\/div><\/div>[\/vc_column_inner][\/vc_row_inner]<div class=\"cws_spacing cws_spacing_size_sm_desctop-on cws_spacing_tablet-on cws_spacing_mobile-on\"><div class=\"cws_spacing cws_spacing_default\" style=\"height:60px;\"><\/div> <div class=\"cws_spacing cws_spacing_size_sm_desctop\" style=\"height:60px;\"><\/div> <div class=\"cws_spacing cws_spacing_tablet\" style=\"height:50px;\"><\/div> <div class=\"cws_spacing cws_spacing_mobile\" style=\"height:50px;\"><\/div><\/div>[\/vc_column][\/vc_row][vc_row][vc_column]<div class=\"cws_spacing cws_spacing_size_sm_desctop-on cws_spacing_tablet-on cws_spacing_mobile-on\"><div class=\"cws_spacing cws_spacing_default\" style=\"height:110px;\"><\/div> <div class=\"cws_spacing cws_spacing_size_sm_desctop\" style=\"height:110px;\"><\/div> <div class=\"cws_spacing cws_spacing_tablet\" style=\"height:50px;\"><\/div> <div class=\"cws_spacing cws_spacing_mobile\" style=\"height:50px;\"><\/div><\/div>[vc_row_inner][vc_column_inner width=&#8220;1\/5&#8243;][\/vc_column_inner][vc_column_inner width=&#8220;3\/5&#8243; css=&#8220;.vc_custom_1558963977132{padding-right: 20px !important;padding-left: 20px !important;}&#8220;]<div class='cws_textmodule cws_vc_shortcode_module' id='cws_textmodule_69f45252bfe61'><div class='cws_textmodule_wrapper icon_pos_beside'><div class='cws_textmodule_text text_align_center'><div class='cws_textmodule_titles'><div class='cws_textmodule_icon_wrapper'><div class='cws_textmodule_icon'><i class='flaticon-rating'><\/i><\/div><\/div><div class='cws_textmodule_aside'><h2 class='cws_textmodule_title'><span>Meinungen unserer Kunden und G\u00e4ste<\/span><\/h2><h4 class='cws_textmodule_subtitle'>Werden Sie Teil unserer gro\u00dfartigen Familie und schreiben Sie eine Bewertung.<\/h4><\/div><\/div><\/div><\/div><\/div><div class=\"cws_spacing\"><div class=\"cws_spacing cws_spacing_default\" style=\"height:10px;\"><\/div><\/div><div class='sc_button_wrapper align-center mobile-align-center'><div id='cws_vc_shortcode_button_69f45252bff18' class='cws_custom_button_wrapper cws_sc_button regular default'><span><a href='https:\/\/www.google.com\/search?q=estel%20de%20llevant&#038;sxsrf=AOaemvJ8-eRp8EGHdnjv_AiHip74gj9StQ:1638281714205&#038;ei=5jGmYbajIIzQgweaoKL4DA&#038;oq=estell+d&#038;gs_lcp=Cgdnd3Mtd2l6EAEYADIHCCMQsAIQJzIKCC4QxwEQrwEQDTIKCC4QxwEQrwEQDTIECAAQDTIECAAQDTIKCC4QxwEQrwEQDTIECAAQDTIECAAQDTIECAAQDTIECAAQDToHCCMQsAMQJzoHCAAQRxCwAzoHCAAQsAMQQzoECCMQJzoLCAAQgAQQsQMQgwE6CAgAEIAEELEDOgQIABBDOhEILhCABBCxAxCDARDHARDRAzoLCC4QgAQQxwEQ0QM6BQgAEIAEOggILhCABBCxAzoICC4QsQMQgwE6BQguEIAEOggIABCxAxCDAToLCC4QgAQQsQMQgwE6CwguEIAEEMcBEK8BOgQIABAKOgoILhDHARCvARAKSgQIQRgAUMYHWPkoYOQyaANwAngAgAGSAYgB4QaSAQMzLjWYAQCgAQHIAQrAAQE&#038;sclient=gws-wiz&#038;tbs=lf:1,lf_ui:2&#038;tbm=lcl&#038;rflfq=1&#038;num=10&#038;rldimm=8657160224334346882&#038;lqi=ChBlc3RlbCBkZSBsbGV2YW50WhIiEGVzdGVsIGRlIGxsZXZhbnSSAQ1wbGFudF9udXJzZXJ5&#038;ved=2ahUKEwizqvf8osD0AhXy4uAKHRb6BpYQvS56BAgXED4&#038;rlst=f#lrd=0x129649b6a4abeca7:0x7824695b3f16fa82,3,,,&#038;rlfi=hd:;si:8657160224334346882,l,ChBlc3RlbCBkZSBsbGV2YW50WhIiEGVzdGVsIGRlIGxsZXZhbnSSAQ1wbGFudF9udXJzZXJ5;mv:39.5837193,3.212547,39.564692099999995,3.2118564;tbs:lrf:!1m4!1u3!2m2!3m1!1e1!1m4!1u2!2m2!2m1!1e1!2m1!1e2!2m1!1e3!3sIAE,lf:1,lf_ui:2' class='cws_custom_button' target='_blank'>Rezension schreiben<span><\/span><i class='vc_li vc_li-heart ml-10'><\/i><\/a><\/span><\/div><\/div>[\/vc_column_inner][vc_column_inner width=&#8220;1\/5&#8243;][\/vc_column_inner][\/vc_row_inner]<div class=\"cws_spacing cws_spacing_size_sm_desctop-on cws_spacing_tablet-on cws_spacing_mobile-on\"><div class=\"cws_spacing cws_spacing_default\" style=\"height:110px;\"><\/div> <div class=\"cws_spacing cws_spacing_size_sm_desctop\" style=\"height:110px;\"><\/div> <div class=\"cws_spacing cws_spacing_tablet\" style=\"height:50px;\"><\/div> <div class=\"cws_spacing cws_spacing_mobile\" style=\"height:50px;\"><\/div><\/div>[\/vc_column][\/vc_row][vc_row full_width=&#8220;stretch_row&#8220; bg_cws_repeat=&#8220;no-repeat&#8220; bg_cws_size=&#8220;cover&#8220; bg_image_position=&#8220;center_center&#8220; crop=&#8220;1&#8243; crop_style=&#8220;style_3&#8243; css=&#8220;.vc_custom_1594821135169{background: #f4f7e8 url(https:\/\/bazan-lab.com\/testim\/wp-content\/uploads\/2020\/07\/testim-infusiones-de-mallorca-tila-alpina-valeriana-infusion-te-a-granel.jpg?id=6605) !important;}&#8220;][vc_column]<div class=\"cws_spacing\"><div class=\"cws_spacing cws_spacing_default\" style=\"height:150px;\"><\/div><\/div><div class=\"cws_spacing\"><div class=\"cws_spacing cws_spacing_default\" style=\"height:150px;\"><\/div><\/div>[\/vc_column][\/vc_row]\n<\/section>","protected":false},"excerpt":{"rendered":"<p>[vc_row css=&#8220;.vc_custom_1559134125722{padding-top: 10px !important;padding-bottom: 100px !important;}&#8220;][vc_column css=&#8220;.vc_custom_1558959371819{padding-right: 40px !important;}&#8220;][vc_column_text] Estel de Llevant und die Bedeutungder psychischen Gesundheit. &nbsp; Estel de Llevant ist ein gemeinn\u00fctziger Verein, der 1996 gegr\u00fcndet wurde. Unsere Hauptaufgabe besteht darin, Menschen mit Warmherzigkeit und Freude dabei zu unterst\u00fctzen, ihre psychische Gesundheit zu pflegen, zu bewahren und zu verbessern. Derzeit hilft der Verein, der zu den f\u00fchrenden Einrichtungen f\u00fcr psychische Gesundheit auf Mallorca z\u00e4hlt, \u00fcber 225 Menschen mit schweren psychischen St\u00f6rungen und ihren Familien dabei, ihre Lebensqualit\u00e4t zu verbessern. Ziel ist es, den Betroffenen die notwendige Unterst\u00fctzung zu bieten, damit sie ein selbstst\u00e4ndiges und erf\u00fclltes Leben f\u00fchren k\u00f6nnen. Seit 2014 geh\u00f6rt Estel de Llevant zu 3Salut Mental, einem Zusammenschluss mit unseren Schwesterorganisationen Associaci\u00f3 Gira-Sol und Fundaci\u00f3 Es Garrover, der den Wissensaustausch, die Entwicklung eines optimalen Betreuungsmodells und soziale Innovationen f\u00f6rdern soll. [\/vc_column_text][vc_single_image image=&#8220;6717&#8243; img_size=&#8220;medium&#8220; alignment=&#8220;center&#8220;][vc_empty_space][vc_column_text] Weitere Informationen finden Sie hier: www.esteldellevant.org\u00a0 \u00a0|\u00a0 \u00a0www.3salutmental.com [\/vc_column_text][vc_single_image image=&#8220;6774&#8243; img_size=&#8220;full&#8220;][\/vc_column][\/vc_row][vc_row][vc_column][\/vc_column][\/vc_row][vc_row full_width=&#8220;stretch_row&#8220; bg_cws_repeat=&#8220;no-repeat&#8220; bg_cws_size=&#8220;cover&#8220; bg_image_position=&#8220;center_center&#8220; crop=&#8220;1&#8243; crop_style=&#8220;style_2&#8243; css=&#8220;.vc_custom_1594820651204{background-image: url(https:\/\/bazan-lab.com\/testim\/wp-content\/uploads\/2020\/07\/testim-infusiones-de-mallorca-infusiones-para-bajar-los-trigliceridos-altos.jpg?id=6615) !important;}&#8220;][vc_column][\/vc_column][\/vc_row][vc_row full_width=&#8220;stretch_row&#8220; bg_cws_repeat=&#8220;no-repeat&#8220; bg_cws_size=&#8220;cover&#8220; bg_image_position=&#8220;center_center&#8220; crop=&#8220;1&#8243; crop_style=&#8220;style_5&#8243; css=&#8220;.vc_custom_1596808135230{margin-top: -90px !important;background-color: #81b4bf !important;}&#8220;][vc_column][vc_row_inner][vc_column_inner width=&#8220;1\/3&#8243;][\/vc_column_inner][vc_column_inner width=&#8220;1\/3&#8243;][\/vc_column_inner][vc_column_inner width=&#8220;1\/3&#8243;][\/vc_column_inner][\/vc_row_inner][\/vc_column][\/vc_row][vc_row][vc_column][vc_row_inner][vc_column_inner width=&#8220;1\/5&#8243;][\/vc_column_inner][vc_column_inner width=&#8220;3\/5&#8243; css=&#8220;.vc_custom_1558963977132{padding-right: 20px !important;padding-left: 20px !important;}&#8220;][\/vc_column_inner][vc_column_inner width=&#8220;1\/5&#8243;][\/vc_column_inner][\/vc_row_inner][\/vc_column][\/vc_row][vc_row full_width=&#8220;stretch_row&#8220; bg_cws_repeat=&#8220;no-repeat&#8220; bg_cws_size=&#8220;cover&#8220; bg_image_position=&#8220;center_center&#8220; crop=&#8220;1&#8243; crop_style=&#8220;style_3&#8243; css=&#8220;.vc_custom_1594821135169{background: #f4f7e8 url(https:\/\/bazan-lab.com\/testim\/wp-content\/uploads\/2020\/07\/testim-infusiones-de-mallorca-tila-alpina-valeriana-infusion-te-a-granel.jpg?id=6605) !important;}&#8220;][vc_column][\/vc_column][\/vc_row]<\/p>\n","protected":false},"author":1,"featured_media":8045,"parent":0,"menu_order":0,"comment_status":"closed","ping_status":"closed","template":"","meta":{"_monsterinsights_skip_tracking":false,"_monsterinsights_sitenote_active":false,"_monsterinsights_sitenote_note":"","_monsterinsights_sitenote_category":0,"footnotes":""},"class_list":["post-7806","page","type-page","status-publish","has-post-thumbnail","hentry"],"yoast_head":"<!-- This site is optimized with the Yoast SEO plugin v23.3 - https:\/\/yoast.com\/wordpress\/plugins\/seo\/ -->\n<title>Ein engagiertes Team - T&#039;Estim<\/title>\n<meta name=\"robots\" content=\"index, follow, max-snippet:-1, max-image-preview:large, max-video-preview:-1\" \/>\n<link rel=\"canonical\" href=\"https:\/\/testim-mallorca.com\/sobre-nosotros\/\" \/>\n<meta property=\"og:locale\" content=\"de_DE\" \/>\n<meta property=\"og:type\" content=\"article\" \/>\n<meta property=\"og:title\" content=\"Ein engagiertes Team - T&#039;Estim\" \/>\n<meta property=\"og:description\" content=\"[vc_row css=&#8220;.vc_custom_1559134125722{padding-top: 10px !important;padding-bottom: 100px !important;}&#8220;][vc_column css=&#8220;.vc_custom_1558959371819{padding-right: 40px !important;}&#8220;][vc_column_text] Estel de Llevant und die Bedeutungder psychischen Gesundheit. &nbsp; Estel de Llevant ist ein gemeinn\u00fctziger Verein, der 1996 gegr\u00fcndet wurde. Unsere Hauptaufgabe besteht darin, Menschen mit Warmherzigkeit und Freude dabei zu unterst\u00fctzen, ihre psychische Gesundheit zu pflegen, zu bewahren und zu verbessern. Derzeit hilft der Verein, der zu den f\u00fchrenden Einrichtungen f\u00fcr psychische Gesundheit auf Mallorca z\u00e4hlt, \u00fcber 225 Menschen mit schweren psychischen St\u00f6rungen und ihren Familien dabei, ihre Lebensqualit\u00e4t zu verbessern. Ziel ist es, den Betroffenen die notwendige Unterst\u00fctzung zu bieten, damit sie ein selbstst\u00e4ndiges und erf\u00fclltes Leben f\u00fchren k\u00f6nnen. Seit 2014 geh\u00f6rt Estel de Llevant zu 3Salut Mental, einem Zusammenschluss mit unseren Schwesterorganisationen Associaci\u00f3 Gira-Sol und Fundaci\u00f3 Es Garrover, der den Wissensaustausch, die Entwicklung eines optimalen Betreuungsmodells und soziale Innovationen f\u00f6rdern soll. [\/vc_column_text][vc_single_image image=&#8220;6717&#8243; img_size=&#8220;medium&#8220; alignment=&#8220;center&#8220;][vc_empty_space][vc_column_text] Weitere Informationen finden Sie hier: www.esteldellevant.org\u00a0 \u00a0|\u00a0 \u00a0www.3salutmental.com [\/vc_column_text][vc_single_image image=&#8220;6774&#8243; img_size=&#8220;full&#8220;][\/vc_column][\/vc_row][vc_row][vc_column][\/vc_column][\/vc_row][vc_row full_width=&#8220;stretch_row&#8220; bg_cws_repeat=&#8220;no-repeat&#8220; bg_cws_size=&#8220;cover&#8220; bg_image_position=&#8220;center_center&#8220; crop=&#8220;1&#8243; crop_style=&#8220;style_2&#8243; css=&#8220;.vc_custom_1594820651204{background-image: url(https:\/\/bazan-lab.com\/testim\/wp-content\/uploads\/2020\/07\/testim-infusiones-de-mallorca-infusiones-para-bajar-los-trigliceridos-altos.jpg?id=6615) !important;}&#8220;][vc_column][\/vc_column][\/vc_row][vc_row full_width=&#8220;stretch_row&#8220; bg_cws_repeat=&#8220;no-repeat&#8220; bg_cws_size=&#8220;cover&#8220; bg_image_position=&#8220;center_center&#8220; crop=&#8220;1&#8243; crop_style=&#8220;style_5&#8243; css=&#8220;.vc_custom_1596808135230{margin-top: -90px !important;background-color: #81b4bf !important;}&#8220;][vc_column][vc_row_inner][vc_column_inner width=&#8220;1\/3&#8243;][\/vc_column_inner][vc_column_inner width=&#8220;1\/3&#8243;][\/vc_column_inner][vc_column_inner width=&#8220;1\/3&#8243;][\/vc_column_inner][\/vc_row_inner][\/vc_column][\/vc_row][vc_row][vc_column][vc_row_inner][vc_column_inner width=&#8220;1\/5&#8243;][\/vc_column_inner][vc_column_inner width=&#8220;3\/5&#8243; css=&#8220;.vc_custom_1558963977132{padding-right: 20px !important;padding-left: 20px !important;}&#8220;][\/vc_column_inner][vc_column_inner width=&#8220;1\/5&#8243;][\/vc_column_inner][\/vc_row_inner][\/vc_column][\/vc_row][vc_row full_width=&#8220;stretch_row&#8220; bg_cws_repeat=&#8220;no-repeat&#8220; bg_cws_size=&#8220;cover&#8220; bg_image_position=&#8220;center_center&#8220; crop=&#8220;1&#8243; crop_style=&#8220;style_3&#8243; css=&#8220;.vc_custom_1594821135169{background: #f4f7e8 url(https:\/\/bazan-lab.com\/testim\/wp-content\/uploads\/2020\/07\/testim-infusiones-de-mallorca-tila-alpina-valeriana-infusion-te-a-granel.jpg?id=6605) !important;}&#8220;][vc_column][\/vc_column][\/vc_row]\" \/>\n<meta property=\"og:url\" content=\"https:\/\/testim-mallorca.com\/sobre-nosotros\/\" \/>\n<meta property=\"og:site_name\" content=\"T&#039;Estim\" \/>\n<meta property=\"article:publisher\" content=\"https:\/\/www.facebook.com\/testimmallorca\/\" \/>\n<meta property=\"article:modified_time\" content=\"2022-01-20T14:56:05+00:00\" \/>\n<meta property=\"og:image\" content=\"https:\/\/testim-mallorca.com\/wp-content\/uploads\/2020\/08\/estel-de-llevant-associacio-mallorca-salud-mental-1024x557.png\" \/>\n\t<meta property=\"og:image:width\" content=\"1024\" \/>\n\t<meta property=\"og:image:height\" content=\"557\" \/>\n\t<meta property=\"og:image:type\" content=\"image\/png\" \/>\n<meta name=\"twitter:card\" content=\"summary_large_image\" \/>\n<meta name=\"twitter:site\" content=\"@testim_mallorca\" \/>\n<meta name=\"twitter:label1\" content=\"Gesch\u00e4tzte Lesezeit\" \/>\n\t<meta name=\"twitter:data1\" content=\"5 Minuten\" \/>\n<script type=\"application\/ld+json\" class=\"yoast-schema-graph\">{\"@context\":\"https:\/\/schema.org\",\"@graph\":[{\"@type\":\"WebPage\",\"@id\":\"https:\/\/testim-mallorca.com\/sobre-nosotros\/\",\"url\":\"https:\/\/testim-mallorca.com\/sobre-nosotros\/\",\"name\":\"Ein engagiertes Team - T&#039;Estim\",\"isPartOf\":{\"@id\":\"https:\/\/testim-mallorca.com\/#website\"},\"primaryImageOfPage\":{\"@id\":\"https:\/\/testim-mallorca.com\/sobre-nosotros\/#primaryimage\"},\"image\":{\"@id\":\"https:\/\/testim-mallorca.com\/sobre-nosotros\/#primaryimage\"},\"thumbnailUrl\":\"https:\/\/testim-mallorca.com\/wp-content\/uploads\/2020\/08\/estel-de-llevant-associacio-mallorca-salud-mental.png\",\"datePublished\":\"2018-12-12T14:14:12+00:00\",\"dateModified\":\"2022-01-20T14:56:05+00:00\",\"breadcrumb\":{\"@id\":\"https:\/\/testim-mallorca.com\/sobre-nosotros\/#breadcrumb\"},\"inLanguage\":\"de-DE\",\"potentialAction\":[{\"@type\":\"ReadAction\",\"target\":[\"https:\/\/testim-mallorca.com\/sobre-nosotros\/\"]}]},{\"@type\":\"ImageObject\",\"inLanguage\":\"de-DE\",\"@id\":\"https:\/\/testim-mallorca.com\/sobre-nosotros\/#primaryimage\",\"url\":\"https:\/\/testim-mallorca.com\/wp-content\/uploads\/2020\/08\/estel-de-llevant-associacio-mallorca-salud-mental.png\",\"contentUrl\":\"https:\/\/testim-mallorca.com\/wp-content\/uploads\/2020\/08\/estel-de-llevant-associacio-mallorca-salud-mental.png\",\"width\":1952,\"height\":1062},{\"@type\":\"BreadcrumbList\",\"@id\":\"https:\/\/testim-mallorca.com\/sobre-nosotros\/#breadcrumb\",\"itemListElement\":[{\"@type\":\"ListItem\",\"position\":1,\"name\":\"Portada\",\"item\":\"https:\/\/testim-mallorca.com\/de\/\"},{\"@type\":\"ListItem\",\"position\":2,\"name\":\"Ein engagiertes Team\"}]},{\"@type\":\"WebSite\",\"@id\":\"https:\/\/testim-mallorca.com\/#website\",\"url\":\"https:\/\/testim-mallorca.com\/\",\"name\":\"T&#039;Estim\",\"description\":\"Infusions i tes ecol\u00f2gics de Mallorca\",\"publisher\":{\"@id\":\"https:\/\/testim-mallorca.com\/#organization\"},\"potentialAction\":[{\"@type\":\"SearchAction\",\"target\":{\"@type\":\"EntryPoint\",\"urlTemplate\":\"https:\/\/testim-mallorca.com\/?s={search_term_string}\"},\"query-input\":\"required name=search_term_string\"}],\"inLanguage\":\"de-DE\"},{\"@type\":\"Organization\",\"@id\":\"https:\/\/testim-mallorca.com\/#organization\",\"name\":\"T'Estim Mallorca\",\"url\":\"https:\/\/testim-mallorca.com\/\",\"logo\":{\"@type\":\"ImageObject\",\"inLanguage\":\"de-DE\",\"@id\":\"https:\/\/testim-mallorca.com\/#\/schema\/logo\/image\/\",\"url\":\"https:\/\/testim-mallorca.com\/wp-content\/uploads\/2022\/06\/Logo-testim-web-new.png\",\"contentUrl\":\"https:\/\/testim-mallorca.com\/wp-content\/uploads\/2022\/06\/Logo-testim-web-new.png\",\"width\":500,\"height\":173,\"caption\":\"T'Estim Mallorca\"},\"image\":{\"@id\":\"https:\/\/testim-mallorca.com\/#\/schema\/logo\/image\/\"},\"sameAs\":[\"https:\/\/www.facebook.com\/testimmallorca\/\",\"https:\/\/x.com\/testim_mallorca\",\"https:\/\/www.instagram.com\/testim_mallorca_\/\",\"https:\/\/www.linkedin.com\/company\/testim-mallorca\/about\/\"]}]}<\/script>\n<!-- \/ Yoast SEO plugin. -->","yoast_head_json":{"title":"Ein engagiertes Team - T&#039;Estim","robots":{"index":"index","follow":"follow","max-snippet":"max-snippet:-1","max-image-preview":"max-image-preview:large","max-video-preview":"max-video-preview:-1"},"canonical":"https:\/\/testim-mallorca.com\/sobre-nosotros\/","og_locale":"de_DE","og_type":"article","og_title":"Ein engagiertes Team - T&#039;Estim","og_description":"[vc_row css=&#8220;.vc_custom_1559134125722{padding-top: 10px !important;padding-bottom: 100px !important;}&#8220;][vc_column css=&#8220;.vc_custom_1558959371819{padding-right: 40px !important;}&#8220;][vc_column_text] Estel de Llevant und die Bedeutungder psychischen Gesundheit. &nbsp; Estel de Llevant ist ein gemeinn\u00fctziger Verein, der 1996 gegr\u00fcndet wurde. Unsere Hauptaufgabe besteht darin, Menschen mit Warmherzigkeit und Freude dabei zu unterst\u00fctzen, ihre psychische Gesundheit zu pflegen, zu bewahren und zu verbessern. Derzeit hilft der Verein, der zu den f\u00fchrenden Einrichtungen f\u00fcr psychische Gesundheit auf Mallorca z\u00e4hlt, \u00fcber 225 Menschen mit schweren psychischen St\u00f6rungen und ihren Familien dabei, ihre Lebensqualit\u00e4t zu verbessern. Ziel ist es, den Betroffenen die notwendige Unterst\u00fctzung zu bieten, damit sie ein selbstst\u00e4ndiges und erf\u00fclltes Leben f\u00fchren k\u00f6nnen. Seit 2014 geh\u00f6rt Estel de Llevant zu 3Salut Mental, einem Zusammenschluss mit unseren Schwesterorganisationen Associaci\u00f3 Gira-Sol und Fundaci\u00f3 Es Garrover, der den Wissensaustausch, die Entwicklung eines optimalen Betreuungsmodells und soziale Innovationen f\u00f6rdern soll. [\/vc_column_text][vc_single_image image=&#8220;6717&#8243; img_size=&#8220;medium&#8220; alignment=&#8220;center&#8220;][vc_empty_space][vc_column_text] Weitere Informationen finden Sie hier: www.esteldellevant.org\u00a0 \u00a0|\u00a0 \u00a0www.3salutmental.com [\/vc_column_text][vc_single_image image=&#8220;6774&#8243; img_size=&#8220;full&#8220;][\/vc_column][\/vc_row][vc_row][vc_column][\/vc_column][\/vc_row][vc_row full_width=&#8220;stretch_row&#8220; bg_cws_repeat=&#8220;no-repeat&#8220; bg_cws_size=&#8220;cover&#8220; bg_image_position=&#8220;center_center&#8220; crop=&#8220;1&#8243; crop_style=&#8220;style_2&#8243; css=&#8220;.vc_custom_1594820651204{background-image: url(https:\/\/bazan-lab.com\/testim\/wp-content\/uploads\/2020\/07\/testim-infusiones-de-mallorca-infusiones-para-bajar-los-trigliceridos-altos.jpg?id=6615) !important;}&#8220;][vc_column][\/vc_column][\/vc_row][vc_row full_width=&#8220;stretch_row&#8220; bg_cws_repeat=&#8220;no-repeat&#8220; bg_cws_size=&#8220;cover&#8220; bg_image_position=&#8220;center_center&#8220; crop=&#8220;1&#8243; crop_style=&#8220;style_5&#8243; css=&#8220;.vc_custom_1596808135230{margin-top: -90px !important;background-color: #81b4bf !important;}&#8220;][vc_column][vc_row_inner][vc_column_inner width=&#8220;1\/3&#8243;][\/vc_column_inner][vc_column_inner width=&#8220;1\/3&#8243;][\/vc_column_inner][vc_column_inner width=&#8220;1\/3&#8243;][\/vc_column_inner][\/vc_row_inner][\/vc_column][\/vc_row][vc_row][vc_column][vc_row_inner][vc_column_inner width=&#8220;1\/5&#8243;][\/vc_column_inner][vc_column_inner width=&#8220;3\/5&#8243; css=&#8220;.vc_custom_1558963977132{padding-right: 20px !important;padding-left: 20px !important;}&#8220;][\/vc_column_inner][vc_column_inner width=&#8220;1\/5&#8243;][\/vc_column_inner][\/vc_row_inner][\/vc_column][\/vc_row][vc_row full_width=&#8220;stretch_row&#8220; bg_cws_repeat=&#8220;no-repeat&#8220; bg_cws_size=&#8220;cover&#8220; bg_image_position=&#8220;center_center&#8220; crop=&#8220;1&#8243; crop_style=&#8220;style_3&#8243; css=&#8220;.vc_custom_1594821135169{background: #f4f7e8 url(https:\/\/bazan-lab.com\/testim\/wp-content\/uploads\/2020\/07\/testim-infusiones-de-mallorca-tila-alpina-valeriana-infusion-te-a-granel.jpg?id=6605) !important;}&#8220;][vc_column][\/vc_column][\/vc_row]","og_url":"https:\/\/testim-mallorca.com\/sobre-nosotros\/","og_site_name":"T&#039;Estim","article_publisher":"https:\/\/www.facebook.com\/testimmallorca\/","article_modified_time":"2022-01-20T14:56:05+00:00","og_image":[{"width":1024,"height":557,"url":"https:\/\/testim-mallorca.com\/wp-content\/uploads\/2020\/08\/estel-de-llevant-associacio-mallorca-salud-mental-1024x557.png","type":"image\/png"}],"twitter_card":"summary_large_image","twitter_site":"@testim_mallorca","twitter_misc":{"Gesch\u00e4tzte Lesezeit":"5 Minuten"},"schema":{"@context":"https:\/\/schema.org","@graph":[{"@type":"WebPage","@id":"https:\/\/testim-mallorca.com\/sobre-nosotros\/","url":"https:\/\/testim-mallorca.com\/sobre-nosotros\/","name":"Ein engagiertes Team - T&#039;Estim","isPartOf":{"@id":"https:\/\/testim-mallorca.com\/#website"},"primaryImageOfPage":{"@id":"https:\/\/testim-mallorca.com\/sobre-nosotros\/#primaryimage"},"image":{"@id":"https:\/\/testim-mallorca.com\/sobre-nosotros\/#primaryimage"},"thumbnailUrl":"https:\/\/testim-mallorca.com\/wp-content\/uploads\/2020\/08\/estel-de-llevant-associacio-mallorca-salud-mental.png","datePublished":"2018-12-12T14:14:12+00:00","dateModified":"2022-01-20T14:56:05+00:00","breadcrumb":{"@id":"https:\/\/testim-mallorca.com\/sobre-nosotros\/#breadcrumb"},"inLanguage":"de-DE","potentialAction":[{"@type":"ReadAction","target":["https:\/\/testim-mallorca.com\/sobre-nosotros\/"]}]},{"@type":"ImageObject","inLanguage":"de-DE","@id":"https:\/\/testim-mallorca.com\/sobre-nosotros\/#primaryimage","url":"https:\/\/testim-mallorca.com\/wp-content\/uploads\/2020\/08\/estel-de-llevant-associacio-mallorca-salud-mental.png","contentUrl":"https:\/\/testim-mallorca.com\/wp-content\/uploads\/2020\/08\/estel-de-llevant-associacio-mallorca-salud-mental.png","width":1952,"height":1062},{"@type":"BreadcrumbList","@id":"https:\/\/testim-mallorca.com\/sobre-nosotros\/#breadcrumb","itemListElement":[{"@type":"ListItem","position":1,"name":"Portada","item":"https:\/\/testim-mallorca.com\/de\/"},{"@type":"ListItem","position":2,"name":"Ein engagiertes Team"}]},{"@type":"WebSite","@id":"https:\/\/testim-mallorca.com\/#website","url":"https:\/\/testim-mallorca.com\/","name":"T&#039;Estim","description":"Infusions i tes ecol\u00f2gics de Mallorca","publisher":{"@id":"https:\/\/testim-mallorca.com\/#organization"},"potentialAction":[{"@type":"SearchAction","target":{"@type":"EntryPoint","urlTemplate":"https:\/\/testim-mallorca.com\/?s={search_term_string}"},"query-input":"required name=search_term_string"}],"inLanguage":"de-DE"},{"@type":"Organization","@id":"https:\/\/testim-mallorca.com\/#organization","name":"T'Estim Mallorca","url":"https:\/\/testim-mallorca.com\/","logo":{"@type":"ImageObject","inLanguage":"de-DE","@id":"https:\/\/testim-mallorca.com\/#\/schema\/logo\/image\/","url":"https:\/\/testim-mallorca.com\/wp-content\/uploads\/2022\/06\/Logo-testim-web-new.png","contentUrl":"https:\/\/testim-mallorca.com\/wp-content\/uploads\/2022\/06\/Logo-testim-web-new.png","width":500,"height":173,"caption":"T'Estim Mallorca"},"image":{"@id":"https:\/\/testim-mallorca.com\/#\/schema\/logo\/image\/"},"sameAs":["https:\/\/www.facebook.com\/testimmallorca\/","https:\/\/x.com\/testim_mallorca","https:\/\/www.instagram.com\/testim_mallorca_\/","https:\/\/www.linkedin.com\/company\/testim-mallorca\/about\/"]}]}},"_links":{"self":[{"href":"https:\/\/testim-mallorca.com\/de\/wp-json\/wp\/v2\/pages\/7806"}],"collection":[{"href":"https:\/\/testim-mallorca.com\/de\/wp-json\/wp\/v2\/pages"}],"about":[{"href":"https:\/\/testim-mallorca.com\/de\/wp-json\/wp\/v2\/types\/page"}],"author":[{"embeddable":true,"href":"https:\/\/testim-mallorca.com\/de\/wp-json\/wp\/v2\/users\/1"}],"replies":[{"embeddable":true,"href":"https:\/\/testim-mallorca.com\/de\/wp-json\/wp\/v2\/comments?post=7806"}],"version-history":[{"count":2,"href":"https:\/\/testim-mallorca.com\/de\/wp-json\/wp\/v2\/pages\/7806\/revisions"}],"predecessor-version":[{"id":8123,"href":"https:\/\/testim-mallorca.com\/de\/wp-json\/wp\/v2\/pages\/7806\/revisions\/8123"}],"wp:featuredmedia":[{"embeddable":true,"href":"https:\/\/testim-mallorca.com\/de\/wp-json\/wp\/v2\/media\/8045"}],"wp:attachment":[{"href":"https:\/\/testim-mallorca.com\/de\/wp-json\/wp\/v2\/media?parent=7806"}],"curies":[{"name":"wp","href":"https:\/\/api.w.org\/{rel}","templated":true}]}}